{"id":268,"date":"2013-10-16T14:18:49","date_gmt":"2013-10-16T14:18:49","guid":{"rendered":"http:\/\/karin.unkrig.de\/?page_id=268"},"modified":"2025-01-16T07:54:08","modified_gmt":"2025-01-16T07:54:08","slug":"anthologien","status":"publish","type":"page","link":"http:\/\/karin.unkrig.de\/?page_id=268","title":{"rendered":"Anthologien"},"content":{"rendered":"<h3><strong>Texte von Karin Unkrig s<\/strong><strong>ind in folgenden <\/strong><strong>Sammelwerken erschienen:<\/strong><\/h3>\n<table border=\"0\">\n<tbody>\n<tr>\n<td style=\"vertical-align: top;\">\n<p>Dorante Edition: \u00abZur\u00fcck in Marrakesch &#8211; Reisen und Landschaften in Reportagen, Erz\u00e4hlungen und Gedichten, Berlin, 2023<\/p>\n<\/td>\n<td><img loading=\"lazy\" decoding=\"async\" class=\"alignnone wp-image-2657 size-thumbnail\" src=\"http:\/\/karin.unkrig.de\/wp-content\/uploads\/2023\/04\/Anthologie-zurueck-in-Marrakesch-150x150.jpg\" alt=\"\" width=\"150\" height=\"150\"><\/td>\n<\/tr>\n<tr>\n<td style=\"vertical-align: top;\">\n<p>Gesellschaft f\u00fcr zeitgen\u00f6ssische Lyrik: \u00abFahren und Ge-fahren \u2013 Gedichte zur Mobilit\u00e4t\u00bb, Leipzig 2021<\/p>\n<\/td>\n<td><img loading=\"lazy\" decoding=\"async\" class=\"alignnone wp-image-2444 size-thumbnail\" src=\"http:\/\/karin.unkrig.de\/wp-content\/uploads\/2021\/08\/Fahren-und-Gefahren_umschlag-226x400-150x150.jpg\" alt=\"\" width=\"150\" height=\"150\"><\/td>\n<\/tr>\n<tr>\n<td style=\"vertical-align: top;\">\n<p>Kalender DER ZEIT: \u00abGl\u00fccksmomente 2020 \u2013 Was mein Leben&nbsp;reicher macht\u00bb, Harenberg&nbsp; Verlag, 2019<\/p>\n<\/td>\n<td><img loading=\"lazy\" decoding=\"async\" class=\"alignnone size-thumbnail wp-image-1925\" src=\"http:\/\/karin.unkrig.de\/wp-content\/uploads\/2019\/11\/Gl\u00fcckskalender_-124x150.jpg\" alt=\"\" width=\"124\" height=\"150\"><\/td>\n<\/tr>\n<tr>\n<td style=\"vertical-align: top;\">\n<p>Bibliothek der Deutschsprachigen Gedichte, \u00abAusgew\u00e4hlte Werke XXI\u00bb, Realis Verlag-GmbH, ab 2018<\/p>\n<\/td>\n<td><a href=\"http:\/\/karin.unkrig.de\/wp-content\/uploads\/2013\/10\/buchcoverXXI.jpg\"><img loading=\"lazy\" decoding=\"async\" class=\"alignnone size-thumbnail wp-image-1811\" src=\"http:\/\/karin.unkrig.de\/wp-content\/uploads\/2013\/10\/buchcoverXXI-150x150.jpg\" alt=\"buchcoverXXI\" width=\"150\" height=\"150\"><\/a><\/td>\n<\/tr>\n<tr>\n<td style=\"vertical-align: top;\">\u00abDer Sklave der Wikingerin\u00bb, Vidal Verlag, 2018<\/td>\n<td><a href=\"http:\/\/karin.unkrig.de\/wp-content\/uploads\/2013\/10\/Sklave-194x300.jpg\"><img loading=\"lazy\" decoding=\"async\" class=\"alignnone size-thumbnail wp-image-1675\" src=\"http:\/\/karin.unkrig.de\/wp-content\/uploads\/2013\/10\/Sklave-194x300-150x150.jpg\" alt=\"Sklave-194x300\" width=\"150\" height=\"150\"><\/a><\/td>\n<\/tr>\n<tr>\n<td style=\"vertical-align: top;\">\u00abLyrik Bibliothek, Band XV\u00bb, Herbert Utz Verlag, 2017<\/td>\n<td><a href=\"http:\/\/karin.unkrig.de\/wp-content\/uploads\/2013\/10\/Lyrik-2.jpg\"><img loading=\"lazy\" decoding=\"async\" class=\"alignnone size-thumbnail wp-image-1397\" src=\"http:\/\/karin.unkrig.de\/wp-content\/uploads\/2013\/10\/Lyrik-2-150x150.jpg\" alt=\"Lyrik 2\" width=\"150\" height=\"150\"><\/a><\/td>\n<\/tr>\n<tr>\n<td style=\"vertical-align: top;\">\u00abPoesie Agenda\u00bb, orte Verlag, ab 2017<\/td>\n<td><a href=\"http:\/\/karin.unkrig.de\/wp-content\/uploads\/2013\/10\/Poesie-Agenda-2017-Cover-klein.jpg\"><img loading=\"lazy\" decoding=\"async\" class=\"alignnone size-thumbnail wp-image-1181\" src=\"http:\/\/karin.unkrig.de\/wp-content\/uploads\/2013\/10\/Poesie-Agenda-2017-Cover-klein-115x150.jpg\" alt=\"Poesie Agenda 2017 Cover klein\" width=\"115\" height=\"150\"><\/a><\/td>\n<\/tr>\n<tr>\n<td style=\"vertical-align: top;\">\u00abNachdenken \u00fcber <span class=\"caps\">NSX &#8211; Gedichte, Geschichten, Reportagen und Szenen gegen den rechten Ungeist\u00bb, <\/span>Kulturmaschinen-Verlag, 2014<\/td>\n<td><a href=\"http:\/\/karin.unkrig.de\/wp-content\/uploads\/2013\/10\/Nachdenken__ber_NSX_30.jpg\"><img loading=\"lazy\" decoding=\"async\" class=\"alignnone size-thumbnail wp-image-1179\" src=\"http:\/\/karin.unkrig.de\/wp-content\/uploads\/2013\/10\/Nachdenken__ber_NSX_30-150x150.jpg\" alt=\"Nachdenken__ber_NSX_30\" width=\"150\" height=\"150\"><\/a><\/td>\n<\/tr>\n<tr>\n<td style=\"vertical-align: top;\">\u00abMenschen im Gl\u00fcck\u00bb, Elb Verlag, 2009<\/td>\n<td><img loading=\"lazy\" decoding=\"async\" class=\"alignnone size-full wp-image-310\" src=\"http:\/\/karin.unkrig.de\/wp-content\/uploads\/2013\/10\/MenschenImGl\u00fcck.png\" alt=\"MenschenImGl\u00fcck\" width=\"85\" height=\"121\"><\/td>\n<\/tr>\n<tr>\n<td style=\"vertical-align: top;\">\u00abAbschied und Neubeginn\u00bb, edition Wort, 2007<\/td>\n<td><img loading=\"lazy\" decoding=\"async\" class=\"alignnone size-full wp-image-309\" src=\"http:\/\/karin.unkrig.de\/wp-content\/uploads\/2013\/10\/AbschiedNeubeginn.jpg\" alt=\"AbschiedNeubeginn\" width=\"150\" height=\"261\"><\/td>\n<\/tr>\n<tr>\n<td style=\"vertical-align: top;\">\u00abBesondere Momente\u00bb, Kambly, 2005<\/td>\n<td><img loading=\"lazy\" decoding=\"async\" class=\"alignnone size-full wp-image-308\" src=\"http:\/\/karin.unkrig.de\/wp-content\/uploads\/2013\/10\/kambly.jpg\" alt=\"kambly\" width=\"150\" height=\"200\"><\/td>\n<\/tr>\n<tr>\n<td style=\"vertical-align: top;\">\u00abUnm\u00f6gliche Geschichten\u00bb, Schreiner-Literaturpreis, 2005<\/td>\n<td><img loading=\"lazy\" decoding=\"async\" class=\"alignnone size-full wp-image-307\" src=\"http:\/\/karin.unkrig.de\/wp-content\/uploads\/2013\/10\/unm\u00f6glicheGeschichtenred.jpg\" alt=\"unm\u00f6glicheGeschichtenred\" width=\"81\" height=\"118\"><\/td>\n<\/tr>\n<\/tbody>\n<\/table>\n\n\n<p><\/p>\n","protected":false},"excerpt":{"rendered":"<p>Texte von Karin Unkrig sind in folgenden Sammelwerken erschienen: Dorante Edition: \u00abZur\u00fcck in Marrakesch &#8211; Reisen und Landschaften in Reportagen, Erz\u00e4hlungen und Gedichten, Berlin, 2023 Gesellschaft f\u00fcr zeitgen\u00f6ssische Lyrik: \u00abFahren und Ge-fahren \u2013 Gedichte zur Mobilit\u00e4t\u00bb, Leipzig 2021 Kalender DER ZEIT: \u00abGl\u00fccksmomente 2020 \u2013 Was mein Leben&nbsp;reicher macht\u00bb, Harenberg&nbsp; Verlag, 2019 Bibliothek der Deutschsprachigen Gedichte, [&hellip;]<\/p>\n","protected":false},"author":2,"featured_media":0,"parent":0,"menu_order":0,"comment_status":"open","ping_status":"open","template":"","meta":{"footnotes":""},"_links":{"self":[{"href":"http:\/\/karin.unkrig.de\/index.php?rest_route=\/wp\/v2\/pages\/268"}],"collection":[{"href":"http:\/\/karin.unkrig.de\/index.php?rest_route=\/wp\/v2\/pages"}],"about":[{"href":"http:\/\/karin.unkrig.de\/index.php?rest_route=\/wp\/v2\/types\/page"}],"author":[{"embeddable":true,"href":"http:\/\/karin.unkrig.de\/index.php?rest_route=\/wp\/v2\/users\/2"}],"replies":[{"embeddable":true,"href":"http:\/\/karin.unkrig.de\/index.php?rest_route=%2Fwp%2Fv2%2Fcomments&post=268"}],"version-history":[{"count":84,"href":"http:\/\/karin.unkrig.de\/index.php?rest_route=\/wp\/v2\/pages\/268\/revisions"}],"predecessor-version":[{"id":2824,"href":"http:\/\/karin.unkrig.de\/index.php?rest_route=\/wp\/v2\/pages\/268\/revisions\/2824"}],"wp:attachment":[{"href":"http:\/\/karin.unkrig.de\/index.php?rest_route=%2Fwp%2Fv2%2Fmedia&parent=268"}],"curies":[{"name":"wp","href":"https:\/\/api.w.org\/{rel}","templated":true}]}}